{"id":4096,"date":"2025-12-16T16:18:29","date_gmt":"2025-12-16T15:18:29","guid":{"rendered":"https:\/\/www.groupemagellim.com\/products\/magellim-infra-territoires-impact-eltif\/"},"modified":"2026-04-23T17:28:23","modified_gmt":"2026-04-23T15:28:23","slug":"magellim-infra-territoires-impact-eltif","status":"publish","type":"products","link":"https:\/\/www.groupemagellim.com\/en\/groupe-magellim\/magellim-infra-territoires-impact-eltif\/","title":{"rendered":"MAGELLIM INFRA TERRITOIRES IMPACT ELTIF"},"content":{"rendered":"<section class=\"l-section wpb_row top-section default height_medium color_primary\"><div class=\"l-section-h i-cf\"><div class=\"g-cols vc_row via_flex valign_top type_default stacking_default\"><div class=\"vc_col-sm-9 wpb_column vc_column_container\"><div class=\"vc_column-inner\"><div class=\"wpb_wrapper\"><h1 class=\"w-post-elm post_title entry-title color_link_inherit\">MAGELLIM INFRA TERRITOIRES IMPACT ELTIF<\/h1><div class=\"g-cols wpb_row via_flex valign_top type_default stacking_default\"><div class=\"vc_col-sm-12 wpb_column vc_column_container\"><div class=\"vc_column-inner\"><div class=\"wpb_wrapper\"><div class=\"wpb_text_column\"><div class=\"wpb_wrapper\"><h2 class=\"h3\"><strong>Conciliez cr\u00e9ation de valeur pour l\u2019environnement et les territoires et objectif de performance !<\/strong><\/h2>\n<p><span>Participez au financement de projets tangibles qui dynamisent le d\u00e9veloppement et la transition des territoires, d\u00e8s 1 000\u20ac.<br \/>\n<\/span><\/p>\n<\/div><\/div><\/div><\/div><\/div><\/div><div class=\"w-separator size_small\"><\/div><div class=\"w-btn-wrapper align_none\"><a class=\"w-btn us-btn-style_1 fixed-button icon_atleft\" target=\"_blank\" href=\"https:\/\/info.groupemagellim.com\/magellim-infra-territoires-impact-eltif?hs_preview=OVqktzLH-326027131096\"><i class=\"far fa-arrow-right\"><\/i><span class=\"w-btn-label\">Souscrire<\/span><\/a><\/div><\/div><\/div><\/div><div class=\"vc_col-sm-3 wpb_column vc_column_container\"><div class=\"vc_column-inner\"><div class=\"wpb_wrapper\"><\/div><\/div><\/div><\/div><\/div><\/section><section class=\"l-section wpb_row product-submenu height_auto width_full\"><div class=\"l-section-h i-cf\"><div class=\"g-cols vc_row via_flex valign_middle type_default\"><div class=\"vc_col-sm-12 wpb_column vc_column_container\"><div class=\"vc_column-inner\"><div class=\"wpb_wrapper\"><div class=\"w-dropdown source_own dropdown_height drop_to_right open_on_click\" id=\"menu\"><div class=\"w-dropdown-h\"><div class=\"w-dropdown-current\"><a class=\"w-dropdown-item\" role=\"button\" href=\"javascript:void(0)\"><span class=\"w-dropdown-item-title\">Click Me<\/span><\/a><\/div><div class=\"w-dropdown-list\"><div class=\"w-dropdown-list-h\"><a href=\"#presentation\" class=\"w-dropdown-item smooth-scroll\"><span class=\"w-dropdown-item-title\">Presentation<\/span><\/a><a href=\"#expertise\" class=\"w-dropdown-item smooth-scroll\"><span class=\"w-dropdown-item-title\">Expertise<\/span><\/a><a href=\"#caracteristiques\" class=\"w-dropdown-item smooth-scroll\"><span class=\"w-dropdown-item-title\">Caract\u00e9ristiques<\/span><\/a><a href=\"#documentation\" class=\"w-dropdown-item smooth-scroll\"><span class=\"w-dropdown-item-title\">Documentation<\/span><\/a><a href=\"#frais\" class=\"w-dropdown-item smooth-scroll\"><span class=\"w-dropdown-item-title\">Frais<\/span><\/a><a href=\"#risques\" class=\"w-dropdown-item smooth-scroll\"><span class=\"w-dropdown-item-title\">Risques<\/span><\/a><a href=\"#contact\" class=\"w-dropdown-item smooth-scroll\"><span class=\"w-dropdown-item-title\">Souscrire<\/span><\/a><a href=\"#actualit\u00e9s\" class=\"w-dropdown-item smooth-scroll\"><span class=\"w-dropdown-item-title\">Actualit\u00e9s<\/span><\/a><\/div><\/div><\/div><\/div><div class=\"w-separator size_custom\" id=\"spacer\" style=\"height:0\"><\/div><\/div><\/div><\/div><\/div><\/div><\/section><section class=\"l-section wpb_row chiffres-cles height_medium\" id=\"presentation\"><div class=\"l-section-h i-cf\"><div class=\"g-cols vc_row via_flex valign_top type_default stacking_default\"><div class=\"vc_col-sm-12 wpb_column vc_column_container\"><div class=\"vc_column-inner\"><div class=\"wpb_wrapper\"><div class=\"g-cols wpb_row via_flex valign_top type_default stacking_default\"><div class=\"vc_col-sm-4 wpb_column vc_column_container\"><div class=\"vc_column-inner\"><div class=\"wpb_wrapper\"><div class=\"w-separator size_small\"><\/div><div class=\"w-iconbox iconpos_top style_default color_primary align_center no_title icontype_img\"><div class=\"w-iconbox-icon\" style=\"font-size:2rem;\"><img loading=\"lazy\" decoding=\"async\" width=\"287\" height=\"284\" src=\"https:\/\/www.groupemagellim.com\/wp-content\/uploads\/Visuels-mails-10.png\" class=\"attachment-full size-full\" alt=\"\" srcset=\"https:\/\/www.groupemagellim.com\/wp-content\/uploads\/Visuels-mails-10.png 287w, https:\/\/www.groupemagellim.com\/wp-content\/uploads\/Visuels-mails-10-100x100.png 100w\" sizes=\"auto, (max-width: 287px) 100vw, 287px\" \/><\/div><div class=\"w-iconbox-meta\"><div class=\"w-iconbox-text\"><p style=\"margin-top: 20px;\">Une strat\u00e9gie <b>d\u2019utilit\u00e9 sociale et territoriale<\/b><\/p>\n<\/div><\/div><\/div><\/div><\/div><\/div><div class=\"vc_col-sm-4 wpb_column vc_column_container\"><div class=\"vc_column-inner\"><div class=\"wpb_wrapper\"><div class=\"w-separator size_small\"><\/div><div class=\"w-iconbox iconpos_top style_default color_primary align_center no_title icontype_img\"><div class=\"w-iconbox-icon\" style=\"font-size:2rem;\"><img loading=\"lazy\" decoding=\"async\" width=\"83\" height=\"79\" src=\"https:\/\/www.groupemagellim.com\/wp-content\/uploads\/Visuels-mails-22.png\" class=\"attachment-full size-full\" alt=\"\" \/><\/div><div class=\"w-iconbox-meta\"><div class=\"w-iconbox-text\"><p style=\"margin-top: 20px;\"><b>11%<span>\u00b9<\/span> d\u2019objectif<br \/>\nde TRI net<\/b><\/p>\n<p>(non garanti)<\/p>\n<\/div><\/div><\/div><\/div><\/div><\/div><div class=\"vc_col-sm-4 wpb_column vc_column_container\"><div class=\"vc_column-inner\"><div class=\"wpb_wrapper\"><div class=\"w-separator size_small\"><\/div><div class=\"w-iconbox iconpos_top style_default color_primary align_center no_title icontype_img\"><div class=\"w-iconbox-icon\" style=\"font-size:2rem;\"><img loading=\"lazy\" decoding=\"async\" width=\"75\" height=\"74\" src=\"https:\/\/www.groupemagellim.com\/wp-content\/uploads\/Visuels-mails-20.png\" class=\"attachment-full size-full\" alt=\"\" \/><\/div><div class=\"w-iconbox-meta\"><div class=\"w-iconbox-text\"><p style=\"margin-top: 20px;\">Accessibilit\u00e9 : <b>compte-titres, <\/b><b>PEA<\/b><b>, PEA\/PME<\/b><\/p>\n<\/div><\/div><\/div><\/div><\/div><\/div><\/div><\/div><\/div><\/div><div class=\"vc_col-sm-12 wpb_column vc_column_container\"><div class=\"vc_column-inner\"><div class=\"wpb_wrapper\"><div class=\"w-separator size_medium\"><\/div><div class=\"wpb_text_column\"><div class=\"wpb_wrapper\"><p style=\"text-align: center;\">\u00b9Les performances pass\u00e9es ne pr\u00e9jugent pas des performances futures.<\/p>\n<\/div><\/div><\/div><\/div><\/div><\/div><\/div><\/section><section class=\"l-section wpb_row height_medium color_alternate\" id=\"presentation\"><div class=\"l-section-h i-cf\"><div class=\"g-cols vc_row via_flex valign_top type_default stacking_default\"><div class=\"vc_col-sm-12 wpb_column vc_column_container\"><div class=\"vc_column-inner\"><div class=\"wpb_wrapper\"><div class=\"g-cols wpb_row data via_flex valign_middle type_default stacking_default\"><div class=\"vc_col-sm-6 wpb_column vc_column_container\"><div class=\"vc_column-inner\"><div class=\"wpb_wrapper\"><div class=\"wpb_text_column\"><div class=\"wpb_wrapper\"><h2>Une strat\u00e9gie d\u2019utilit\u00e9 sociale et territoriale<\/h2>\n<\/div><\/div><div class=\"w-separator size_medium\"><\/div><div class=\"wpb_text_column\"><div class=\"wpb_wrapper\"><ul>\n<li><strong>Permettre aux particuliers d\u2019investir aux c\u00f4t\u00e9s d\u2019investisseurs institutionnels au capital d\u2019entreprises non cot\u00e9es qui contribuent au d\u00e9veloppement des territoires.<\/strong><\/li>\n<\/ul>\n<\/div><\/div><div class=\"w-separator size_small\"><\/div><div class=\"wpb_text_column\"><div class=\"wpb_wrapper\"><ul>\n<li><strong>Dans des secteurs r\u00e9pondant aux priorit\u00e9s et aux besoins des collectivit\u00e9s tels que l\u2019\u00e9nergie, la mobilit\u00e9 et la pr\u00e9servation des ressources.<\/strong><\/li>\n<\/ul>\n<\/div><\/div><div class=\"w-separator size_small\"><\/div><div class=\"wpb_text_column\"><div class=\"wpb_wrapper\"><ul>\n<li><strong>Soutien \u00e0 l\u2019emploi, \u00e0 la transition \u00e9nerg\u00e9tique et \u00e0 la r\u00e9industrialisation.<\/strong><\/li>\n<\/ul>\n<\/div><\/div><\/div><\/div><\/div><div class=\"vc_col-sm-6 wpb_column vc_column_container\"><div class=\"vc_column-inner\"><div class=\"wpb_wrapper\"><div class=\"w-image align_none\"><div class=\"w-image-h\"><img decoding=\"async\" width=\"3000\" height=\"2000\" src=\"https:\/\/www.groupemagellim.com\/wp-content\/uploads\/GettyImages-541836000-scaled.jpg\" class=\"attachment-full size-full\" alt=\"\" loading=\"lazy\" srcset=\"https:\/\/www.groupemagellim.com\/wp-content\/uploads\/GettyImages-541836000-scaled.jpg 3000w, https:\/\/www.groupemagellim.com\/wp-content\/uploads\/GettyImages-541836000-300x200.jpg 300w, https:\/\/www.groupemagellim.com\/wp-content\/uploads\/GettyImages-541836000-1024x683.jpg 1024w, https:\/\/www.groupemagellim.com\/wp-content\/uploads\/GettyImages-541836000-100x67.jpg 100w\" sizes=\"auto, (max-width: 3000px) 100vw, 3000px\" \/><\/div><\/div><\/div><\/div><\/div><\/div><div class=\"w-separator size_medium\"><\/div><\/div><\/div><\/div><\/div><\/div><\/section><section class=\"l-section wpb_row height_medium color_primary\" id=\"presentation\"><div class=\"l-section-h i-cf\"><div class=\"g-cols vc_row via_flex valign_top type_default stacking_default\"><div class=\"vc_col-sm-12 wpb_column vc_column_container\"><div class=\"vc_column-inner\"><div class=\"wpb_wrapper\"><div class=\"g-cols wpb_row data via_flex valign_middle type_default stacking_default\"><div class=\"vc_col-sm-6 wpb_column vc_column_container\"><div class=\"vc_column-inner\"><div class=\"wpb_wrapper\"><div class=\"w-image align_none\"><div class=\"w-image-h\"><img decoding=\"async\" width=\"1000\" height=\"667\" src=\"https:\/\/www.groupemagellim.com\/wp-content\/uploads\/shutterstock_613341923.jpg\" class=\"attachment-full size-full\" alt=\"\" loading=\"lazy\" srcset=\"https:\/\/www.groupemagellim.com\/wp-content\/uploads\/shutterstock_613341923.jpg 1000w, https:\/\/www.groupemagellim.com\/wp-content\/uploads\/shutterstock_613341923-300x200.jpg 300w, https:\/\/www.groupemagellim.com\/wp-content\/uploads\/shutterstock_613341923-100x67.jpg 100w\" sizes=\"auto, (max-width: 1000px) 100vw, 1000px\" \/><\/div><\/div><\/div><\/div><\/div><div class=\"vc_col-sm-6 wpb_column vc_column_container\"><div class=\"vc_column-inner\"><div class=\"wpb_wrapper\"><div class=\"wpb_text_column\"><div class=\"wpb_wrapper\"><h2>Des objectifs au plus haut niveau d\u2019impact<\/h2>\n<\/div><\/div><div class=\"w-separator size_medium\"><\/div><div class=\"wpb_text_column\"><div class=\"wpb_wrapper\"><ul>\n<li><strong>Plus de 71 indicateurs<\/strong> pour \u00e9valuer la qualit\u00e9 environnementale, sociale et de la gouvernance de nos cibles d\u2019investissement.<\/li>\n<\/ul>\n<\/div><\/div><div class=\"w-separator size_small\"><\/div><div class=\"wpb_text_column\"><div class=\"wpb_wrapper\"><ul>\n<li><strong>Une grille ESG et des objectifs de d\u00e9veloppements durables<\/strong> bas\u00e9s sur trois piliers : la contribution \u00e0 la neutralit\u00e9 carbone, le soutien \u00e0 la souverainet\u00e9 territoriale et \u00e9conomique, et le d\u00e9veloppement de l\u2019attractivit\u00e9 et de la connectivit\u00e9 territoriale.<\/li>\n<\/ul>\n<\/div><\/div><div class=\"w-separator size_small\"><\/div><div class=\"wpb_text_column\"><div class=\"wpb_wrapper\"><ul>\n<li><strong>Un impact mesurable<\/strong> : suivi d\u2019indicateurs (emplois, CO\u2082, acc\u00e8s \u00e0 l\u2019\u00e9nergie), adapt\u00e9 \u00e0 une strat\u00e9gie ISR\/impact.<\/li>\n<\/ul>\n<\/div><\/div><\/div><\/div><\/div><\/div><div class=\"w-separator size_medium\"><\/div><\/div><\/div><\/div><\/div><\/div><\/section><section class=\"l-section wpb_row height_medium\" id=\"expertise\"><div class=\"l-section-h i-cf\"><div class=\"g-cols vc_row via_flex valign_top type_default stacking_default\"><div class=\"vc_col-sm-12 wpb_column vc_column_container\"><div class=\"vc_column-inner\"><div class=\"wpb_wrapper\"><div class=\"g-cols wpb_row data via_flex valign_middle type_default stacking_default\"><div class=\"vc_col-sm-12 wpb_column vc_column_container\"><div class=\"vc_column-inner\"><div class=\"wpb_wrapper\"><div class=\"wpb_text_column\"><div class=\"wpb_wrapper\"><h2>Une expertise ancr\u00e9e dans les territoires apport\u00e9e par nos filiales et participations :<\/h2>\n<\/div><\/div><div class=\"w-separator size_medium\"><\/div><\/div><\/div><\/div><\/div><div class=\"g-cols wpb_row data via_flex valign_middle type_default stacking_default\"><div class=\"vc_col-sm-4 wpb_column vc_column_container\"><div class=\"vc_column-inner\"><div class=\"wpb_wrapper\"><div class=\"w-image align_center\"><div class=\"w-image-h\"><img decoding=\"async\" width=\"1024\" height=\"130\" src=\"https:\/\/www.groupemagellim.com\/wp-content\/uploads\/GoCapital_sans-fond-1024x130.png\" class=\"attachment-large size-large\" alt=\"\" loading=\"lazy\" srcset=\"https:\/\/www.groupemagellim.com\/wp-content\/uploads\/GoCapital_sans-fond-1024x130.png 1024w, https:\/\/www.groupemagellim.com\/wp-content\/uploads\/GoCapital_sans-fond-300x38.png 300w, https:\/\/www.groupemagellim.com\/wp-content\/uploads\/GoCapital_sans-fond-100x13.png 100w\" sizes=\"auto, (max-width: 1024px) 100vw, 1024px\" \/><\/div><\/div><\/div><\/div><\/div><div class=\"vc_col-sm-4 wpb_column vc_column_container\"><div class=\"vc_column-inner\"><div class=\"wpb_wrapper\"><div class=\"w-image align_center\"><div class=\"w-image-h\"><img decoding=\"async\" width=\"1000\" height=\"600\" src=\"https:\/\/www.groupemagellim.com\/wp-content\/uploads\/logo-OCCTE.svg\" class=\"attachment-us_1000_600_crop size-us_1000_600_crop\" alt=\"\" loading=\"lazy\" \/><\/div><\/div><\/div><\/div><\/div><div class=\"vc_col-sm-4 wpb_column vc_column_container\"><div class=\"vc_column-inner\"><div class=\"wpb_wrapper\"><div class=\"w-image align_center\"><div class=\"w-image-h\"><img decoding=\"async\" width=\"1024\" height=\"1024\" src=\"https:\/\/www.groupemagellim.com\/wp-content\/uploads\/a-plus-finance-logo-1.svg\" class=\"attachment-large size-large\" alt=\"\" loading=\"lazy\" \/><\/div><\/div><\/div><\/div><\/div><\/div><div class=\"w-separator size_medium\"><\/div><div class=\"g-cols wpb_row data via_flex valign_top type_default stacking_default\"><div class=\"vc_col-sm-4 wpb_column vc_column_container\"><div class=\"vc_column-inner\"><div class=\"wpb_wrapper\"><div class=\"wpb_text_column\"><div class=\"wpb_wrapper\"><ul>\n<li><b>Equipe<\/b> : 28 collaborateurs<\/li>\n<li><b>Expertises<\/b> : capital amor\u00e7age technologique, capital-d\u00e9veloppement<\/li>\n<li><b>Th\u00e9matiques<\/b> : blue economy, medtech, digital, transition environnementale<\/li>\n<\/ul>\n<\/div><\/div><\/div><\/div><\/div><div class=\"vc_col-sm-4 wpb_column vc_column_container\"><div class=\"vc_column-inner\"><div class=\"wpb_wrapper\"><div class=\"wpb_text_column\"><div class=\"wpb_wrapper\"><ul>\n<li><strong><span style=\"language: fr;\">Equipe<\/span><\/strong><span style=\"language: fr; font-weight: normal;\"> : 9 collaborateurs<\/span><\/li>\n<li><span style=\"language: fr;\"><strong>Expertise<\/strong> : <\/span><span style=\"language: fr; font-weight: normal;\">capital-d\u00e9veloppement<\/span><\/li>\n<li><strong><span style=\"language: fr;\">Th\u00e9matiques<\/span><\/strong><span style=\"language: fr; font-weight: normal;\"> : transition \u00e9nerg\u00e9tique, d\u00e9carbonation de l\u2019\u00e9conomie et souverainet\u00e9<\/span><\/li>\n<\/ul>\n<\/div><\/div><\/div><\/div><\/div><div class=\"vc_col-sm-4 wpb_column vc_column_container\"><div class=\"vc_column-inner\"><div class=\"wpb_wrapper\"><div class=\"wpb_text_column\"><div class=\"wpb_wrapper\"><ul>\n<li><strong><span style=\"language: fr;\">Equipe<\/span><\/strong><span style=\"language: fr; font-weight: normal;\"> : 20 collaborateurs<\/span><\/li>\n<li><span style=\"language: fr;\"><strong>Expertises<\/strong> : c<\/span><span style=\"language: fr; font-weight: normal;\">apital-d\u00e9veloppement<\/span><\/li>\n<li><strong><span style=\"language: fr;\">Th\u00e9matiques<\/span><\/strong><span style=\"language: fr; font-weight: normal;\"> : \u00e9conomie sociale et solidaire, technologie, transition \u00e9nerg\u00e9tique<\/span><\/li>\n<\/ul>\n<\/div><\/div><\/div><\/div><\/div><\/div><div class=\"w-separator size_medium\"><\/div><\/div><\/div><\/div><\/div><\/div><\/section><section class=\"l-section wpb_row height_medium color_primary\" id=\"caracteristiques\"><div class=\"l-section-h i-cf\"><div class=\"g-cols vc_row via_flex valign_top type_default stacking_default\"><div class=\"vc_col-sm-12 wpb_column vc_column_container\"><div class=\"vc_column-inner\"><div class=\"wpb_wrapper\"><div class=\"wpb_text_column\"><div class=\"wpb_wrapper\"><h2><b>Caract\u00e9ristiques<\/b><\/h2>\n<\/div><\/div><div class=\"w-separator size_medium\"><\/div><div class=\"g-cols wpb_row via_flex valign_top type_default stacking_default\"><div class=\"vc_col-sm-4 wpb_column vc_column_container\"><div class=\"vc_column-inner\"><div class=\"wpb_wrapper\"><div class=\"w-separator size_small\"><\/div><div class=\"w-iconbox iconpos_top style_circle color_custom align_center no_title icontype_img\"><div class=\"w-iconbox-icon\" style=\"font-size:2rem;--icon-color:var(--color-header-middle-text-hover);--icon-bg-color:var(--color-header-middle-text-hover);\"><img loading=\"lazy\" decoding=\"async\" width=\"369\" height=\"362\" src=\"https:\/\/www.groupemagellim.com\/wp-content\/uploads\/Souscription_1.png\" class=\"attachment-full size-full\" alt=\"\" srcset=\"https:\/\/www.groupemagellim.com\/wp-content\/uploads\/Souscription_1.png 369w, https:\/\/www.groupemagellim.com\/wp-content\/uploads\/Souscription_1-300x294.png 300w, https:\/\/www.groupemagellim.com\/wp-content\/uploads\/Souscription_1-100x98.png 100w\" sizes=\"auto, (max-width: 369px) 100vw, 369px\" \/><\/div><div class=\"w-iconbox-meta\"><div class=\"w-iconbox-text\"><p><b><br \/>\n1 000\u20ac<br \/>\n<\/b>Minimum de souscription<\/p>\n<\/div><\/div><\/div><\/div><\/div><\/div><div class=\"vc_col-sm-4 wpb_column vc_column_container\"><div class=\"vc_column-inner\"><div class=\"wpb_wrapper\"><div class=\"w-separator size_small\"><\/div><div class=\"w-iconbox iconpos_top style_circle color_custom align_center no_title icontype_img\"><div class=\"w-iconbox-icon\" style=\"font-size:2rem;--icon-color:var(--color-header-middle-text-hover);--icon-bg-color:var(--color-header-middle-text-hover);\"><img loading=\"lazy\" decoding=\"async\" width=\"256\" height=\"256\" src=\"https:\/\/www.groupemagellim.com\/wp-content\/uploads\/dollar.png\" class=\"attachment-full size-full\" alt=\"\" srcset=\"https:\/\/www.groupemagellim.com\/wp-content\/uploads\/dollar.png 256w, https:\/\/www.groupemagellim.com\/wp-content\/uploads\/dollar-150x150.png 150w, https:\/\/www.groupemagellim.com\/wp-content\/uploads\/dollar-100x100.png 100w\" sizes=\"auto, (max-width: 256px) 100vw, 256px\" \/><\/div><div class=\"w-iconbox-meta\"><div class=\"w-iconbox-text\"><p><b><br \/>\n150 M\u20ac<br \/>\n<\/b>Taille cible du fonds (max. 200 M\u20ac)<\/p>\n<\/div><\/div><\/div><\/div><\/div><\/div><div class=\"vc_col-sm-4 wpb_column vc_column_container\"><div class=\"vc_column-inner\"><div class=\"wpb_wrapper\"><div class=\"w-separator size_small\"><\/div><div class=\"w-iconbox iconpos_top style_circle color_custom align_center no_title icontype_img\"><div class=\"w-iconbox-icon\" style=\"font-size:2rem;--icon-color:var(--color-header-middle-text-hover);--icon-bg-color:var(--color-header-middle-text-hover);\"><img loading=\"lazy\" decoding=\"async\" width=\"75\" height=\"74\" src=\"https:\/\/www.groupemagellim.com\/wp-content\/uploads\/Visuels-mails-20.png\" class=\"attachment-full size-full\" alt=\"\" \/><\/div><div class=\"w-iconbox-meta\"><div class=\"w-iconbox-text\"><p><b><br \/>\nArticle 9<br \/>\n<\/b>SFDR<\/p>\n<\/div><\/div><\/div><\/div><\/div><\/div><\/div><div class=\"w-separator size_medium\"><\/div><\/div><\/div><\/div><\/div><\/div><\/section><section class=\"l-section wpb_row height_medium\" id=\"documentation\"><div class=\"l-section-h i-cf\"><div class=\"g-cols vc_row via_flex valign_top type_default stacking_default\"><div class=\"vc_col-sm-12 wpb_column vc_column_container\"><div class=\"vc_column-inner\"><div class=\"wpb_wrapper\"><div class=\"wpb_text_column\"><div class=\"wpb_wrapper\"><h2>Documentation<\/h2>\n<\/div><\/div><div class=\"w-separator size_medium\"><\/div><div class=\"w-tabs style_default switch_click accordion\" style=\"--sections-title-size:inherit\"><div class=\"w-tabs-sections titles-align_none icon_plus cpos_right\"><div class=\"w-tabs-section active\" id=\"wf59\" itemscope itemprop=\"mainEntity\" itemtype=\"https:\/\/schema.org\/Question\"><button class=\"w-tabs-section-header active\" aria-controls=\"content-wf59\" aria-expanded=\"true\"><div class=\"w-tabs-section-title\" itemprop=\"name\">Documents r\u00e9glementaires<\/div><div class=\"w-tabs-section-control\"><\/div><\/button><div  class=\"w-tabs-section-content\" id=\"content-wf59\" itemscope itemprop=\"acceptedAnswer\" itemtype=\"https:\/\/schema.org\/Answer\"><div class=\"w-tabs-section-content-h i-cf\" itemprop=\"text\"><div class=\"wpb_text_column\"><div class=\"wpb_wrapper\"><ul>\n<li style=\"list-style-type: none;\">\n<ul>\n<li><a href=\"https:\/\/www.groupemagellim.com\/wp-content\/uploads\/2025.04.25-Magellim-Infra-Territoires-Impact-ELTIF-Statuts-Section-Generale.pdf\" target=\"_blank\" rel=\"noopener\">Statuts<\/a><\/li>\n<li><a href=\"https:\/\/www.groupemagellim.com\/wp-content\/uploads\/Magellim_Infra_Territoires_Impact_ELTIF_-_Parts_A_-_2025-02-05_202502051825.pdf\" target=\"_blank\" rel=\"noopener\">Document d&#8217;Informations Cl\u00e9s<\/a><\/li>\n<\/ul>\n<\/li>\n<\/ul>\n<\/div><\/div><\/div><\/div><\/div><div class=\"w-tabs-section\" id=\"i087\" itemscope itemprop=\"mainEntity\" itemtype=\"https:\/\/schema.org\/Question\"><button class=\"w-tabs-section-header\" aria-controls=\"content-i087\" aria-expanded=\"false\"><div class=\"w-tabs-section-title\" itemprop=\"name\">Documents d&#039;information<\/div><div class=\"w-tabs-section-control\"><\/div><\/button><div  class=\"w-tabs-section-content\" id=\"content-i087\" itemscope itemprop=\"acceptedAnswer\" itemtype=\"https:\/\/schema.org\/Answer\"><div class=\"w-tabs-section-content-h i-cf\" itemprop=\"text\"><div class=\"wpb_text_column\"><div class=\"wpb_wrapper\"><ul>\n<li><a href=\"https:\/\/www.groupemagellim.com\/wp-content\/uploads\/MAGELLIM-Territoires-Impact-Eltif-fiche-produit-Groupe-MAGELLIM_oct-25.pdf\" target=\"_blank\" rel=\"noopener\">Fiche produit &#8211; octobre 2025<\/a><\/li>\n<\/ul>\n<\/div><\/div><\/div><\/div><\/div><\/div><\/div><\/div><\/div><\/div><\/div><\/div><\/section><section class=\"l-section wpb_row height_medium color_secondary\" id=\"frais\"><div class=\"l-section-h i-cf\"><div class=\"g-cols vc_row via_flex valign_top type_default stacking_default\"><div class=\"vc_col-sm-12 wpb_column vc_column_container\"><div class=\"vc_column-inner\"><div class=\"wpb_wrapper\"><div class=\"wpb_text_column\"><div class=\"wpb_wrapper\"><h2>Frais<\/h2>\n<\/div><\/div><div class=\"w-separator size_medium\"><\/div><div class=\"w-hwrapper frais valign_top align_none\"><div class=\"wpb_text_column\"><div class=\"wpb_wrapper\"><p><strong><span class=\"h2\" style=\"color: inherit;\">7 %<sup>MAXIMUM<\/sup><\/span><\/strong><\/p>\n<p><strong>Prime de souscription<\/strong><\/p>\n<\/div><\/div><div class=\"wpb_text_column\"><div class=\"wpb_wrapper\"><p><strong><span class=\"h2\" style=\"color: inherit;\">7 %<sup>Maximum<\/sup><\/span><\/strong><\/p>\n<p><strong>Prime de commission<\/strong><\/p>\n<\/div><\/div><div class=\"wpb_text_column\"><div class=\"wpb_wrapper\"><p><strong><span class=\"h2\" style=\"color: inherit;\">2,4 %<sup>TTC<\/sup><\/span><\/strong><\/p>\n<p><strong>Frais de gestion <\/strong><\/p>\n<p>(1er compartiment)<\/p>\n<\/div><\/div><\/div><div class=\"w-separator size_medium\"><\/div><\/div><\/div><\/div><\/div><\/div><\/section><section class=\"l-section wpb_row height_medium\" id=\"risques\"><div class=\"l-section-h i-cf\"><div class=\"g-cols vc_row via_flex valign_top type_default stacking_default\"><div class=\"vc_col-sm-12 wpb_column vc_column_container\"><div class=\"vc_column-inner\"><div class=\"wpb_wrapper\"><div class=\"g-cols wpb_row via_flex valign_top type_default reversed stacking_default\"><div class=\"vc_col-sm-8 wpb_column vc_column_container\"><div class=\"vc_column-inner\"><div class=\"wpb_wrapper\"><div class=\"wpb_text_column\"><div class=\"wpb_wrapper\"><h2>Facteurs de Risques<\/h2>\n<p><span>L\u2019investissement dans MAGELLIM TERRITOIRES IMPACT ELTIF<\/span><span> pr\u00e9sente notamment un risque de perte en capital, un risque de liquidit\u00e9 et de durabilit\u00e9. L\u2019ensemble des risques, des frais et des horizons de placement est d\u00e9taill\u00e9 dans les documents juridiques du fonds, disponibles aupr\u00e8s de la soci\u00e9t\u00e9 de gestion et \u00e0 consulter avant tout investissement. Les performances pass\u00e9es ne pr\u00e9jugent pas des performances futures. La documentation du fonds est accessible sur <a href=\"#documentation\">cette page<\/a>.<\/span><\/p>\n<p>*Syntetic Risk indicator 1 \u00e9tant le risque le plus faible et 7 le risque le plus \u00e9lev\u00e9. Le niveau 1 ne signifie pas une absence de risque.<\/p>\n<\/div><\/div><\/div><\/div><\/div><div class=\"vc_col-sm-4 wpb_column vc_column_container\"><div class=\"vc_column-inner\"><div class=\"wpb_wrapper\"><div class=\"wpb_text_column pastille\"><div class=\"wpb_wrapper\"><p class=\"title\" style=\"text-align: center;\">SRI 6\/7*<\/p>\n<p style=\"text-align: center;\">Profil de risque<\/p>\n<\/div><\/div><\/div><\/div><\/div><\/div><div class=\"w-separator size_medium\"><\/div><div class=\"w-tabs style_default switch_click accordion\" style=\"--sections-title-size:inherit\"><div class=\"w-tabs-sections titles-align_none icon_plus cpos_right\"><div class=\"w-tabs-section\" id=\"b23c\" itemscope itemprop=\"mainEntity\" itemtype=\"https:\/\/schema.org\/Question\"><button class=\"w-tabs-section-header\" aria-controls=\"content-b23c\" aria-expanded=\"false\"><div class=\"w-tabs-section-title\" itemprop=\"name\">Revenus non garantis et risque de perte en capital en cours de vie et \u00e0 l\u2019\u00e9ch\u00e9ance<\/div><div class=\"w-tabs-section-control\"><\/div><\/button><div  class=\"w-tabs-section-content\" id=\"content-b23c\" itemscope itemprop=\"acceptedAnswer\" itemtype=\"https:\/\/schema.org\/Answer\"><div class=\"w-tabs-section-content-h i-cf\" itemprop=\"text\"><div class=\"wpb_text_column\"><div class=\"wpb_wrapper\"><p class=\"x_MsoNormal\"><span data-olk-copy-source=\"MessageBody\">L\u2019objectif de performance du fonds est li\u00e9 \u00e0 la valorisation des actifs d\u2019infrastructure sous-jacents, ainsi qu\u2019\u00e0 l\u2019\u00e9volution des march\u00e9s financiers et de la situation \u00e9conomique g\u00e9n\u00e9rale. M\u00eame si les infrastructures peuvent pr\u00e9senter des revenus stables \u00e0 long terme, l\u2019investissement reste soumis \u00e0 des risques op\u00e9rationnels, techniques, r\u00e9glementaires et \u00e9conomiques. Le capital investi et la performance ne sont donc pas garantis.  <\/span><\/p>\n<\/div><\/div><\/div><\/div><\/div><div class=\"w-tabs-section\" id=\"c367\" itemscope itemprop=\"mainEntity\" itemtype=\"https:\/\/schema.org\/Question\"><button class=\"w-tabs-section-header\" aria-controls=\"content-c367\" aria-expanded=\"false\"><div class=\"w-tabs-section-title\" itemprop=\"name\">Risque li\u00e9 \u00e0 la liquidit\u00e9<\/div><div class=\"w-tabs-section-control\"><\/div><\/button><div  class=\"w-tabs-section-content\" id=\"content-c367\" itemscope itemprop=\"acceptedAnswer\" itemtype=\"https:\/\/schema.org\/Answer\"><div class=\"w-tabs-section-content-h i-cf\" itemprop=\"text\"><div class=\"wpb_text_column\"><div class=\"wpb_wrapper\"><p class=\"x_MsoNormal\"><span data-olk-copy-source=\"MessageBody\">Le fonds est un fonds ferm\u00e9 ; les investisseurs ne disposent pas d\u2019un droit de rachat automatique avant la fin de la dur\u00e9e de vie du fonds. La cession des parts ne peut intervenir que dans des conditions limit\u00e9es et sous r\u00e9serve de l\u2019existence d\u2019une contrepartie. La soci\u00e9t\u00e9 de gestion ne peut garantir ni la cession ni le rachat des parts, ni leur prix.  <\/span><\/p>\n<p class=\"x_MsoNormal\"><span>En outre, le fonds peut recourir \u00e0 l\u2019endettement pour financer ses investissements, dans le respect des limites fix\u00e9es par les statuts, ce qui peut \u00e9galement impacter la liquidit\u00e9 et la valeur des parts.<\/span><\/p>\n<\/div><\/div><\/div><\/div><\/div><div class=\"w-tabs-section\" id=\"w483\" itemscope itemprop=\"mainEntity\" itemtype=\"https:\/\/schema.org\/Question\"><button class=\"w-tabs-section-header\" aria-controls=\"content-w483\" aria-expanded=\"false\"><div class=\"w-tabs-section-title\" itemprop=\"name\">Risque de durabilit\u00e9<\/div><div class=\"w-tabs-section-control\"><\/div><\/button><div  class=\"w-tabs-section-content\" id=\"content-w483\" itemscope itemprop=\"acceptedAnswer\" itemtype=\"https:\/\/schema.org\/Answer\"><div class=\"w-tabs-section-content-h i-cf\" itemprop=\"text\"><div class=\"wpb_text_column\"><div class=\"wpb_wrapper\"><p class=\"x_MsoNormal\"><span data-olk-copy-source=\"MessageBody\">Tout \u00e9v\u00e8nement ou toute situation dans le domaine environnemental, social ou de la gouvernance qui, s\u2019il survient, pourrait avoir un impact n\u00e9gatif r\u00e9el ou potentiel sur la valeur de l\u2019investissement. Les modalit\u00e9s de prise en compte du risque de durabilit\u00e9 et l\u2019incidence probable sont pr\u00e9cis\u00e9es dans les statuts du fonds. <\/span><\/p>\n<\/div><\/div><\/div><\/div><\/div><div class=\"w-tabs-section\" id=\"r5a1\" itemscope itemprop=\"mainEntity\" itemtype=\"https:\/\/schema.org\/Question\"><button class=\"w-tabs-section-header\" aria-controls=\"content-r5a1\" aria-expanded=\"false\"><div class=\"w-tabs-section-title\" itemprop=\"name\">Risque li\u00e9 aux investissements dans l&#039;infrastructure<\/div><div class=\"w-tabs-section-control\"><\/div><\/button><div  class=\"w-tabs-section-content\" id=\"content-r5a1\" itemscope itemprop=\"acceptedAnswer\" itemtype=\"https:\/\/schema.org\/Answer\"><div class=\"w-tabs-section-content-h i-cf\" itemprop=\"text\"><div class=\"wpb_text_column\"><div class=\"wpb_wrapper\"><p class=\"x_MsoNormal\"><span data-olk-copy-source=\"MessageBody\">Le fonds investit dans des projets d\u2019infrastructure pr\u00e9sentant des risques sp\u00e9cifiques. La performance d\u00e9pend de projections financi\u00e8res incertaines, de la construction et de l\u2019exploitation des projets, de la disponibilit\u00e9 des revenus et de la conformit\u00e9 r\u00e9glementaire. Des retards, des co\u00fbts sup\u00e9rieurs aux pr\u00e9visions, des litiges ou la perte de licences et autorisations peuvent r\u00e9duire la rentabilit\u00e9. Le capital investi et le rendement ne sont pas garantis.   <\/span><\/p>\n<\/div><\/div><\/div><\/div><\/div><\/div><\/div><\/div><\/div><\/div><\/div><\/div><\/section><section class=\"l-section wpb_row cta-product height_medium color_primary\" id=\"contact\"><div class=\"l-section-h i-cf\"><div class=\"g-cols vc_row via_flex valign_top type_default stacking_default\"><div class=\"vc_col-sm-12 wpb_column vc_column_container\"><div class=\"vc_column-inner\"><div class=\"wpb_wrapper\"><div class=\"wpb_text_column\"><div class=\"wpb_wrapper\"><h2 style=\"text-align: center;\">Vous \u00eates int\u00e9ress\u00e9 ?<\/h2>\n<\/div><\/div><div class=\"w-separator size_medium\"><\/div><div class=\"w-hwrapper valign_top align_center\" style=\"--hwrapper-gap:0px\"><div class=\"w-btn-wrapper align_none\"><a class=\"w-btn us-btn-style_1 us_custom_1f5f827b\" target=\"_blank\" href=\"https:\/\/www.groupemagellim.com\/reim\/nous-decouvrir\/nos-equipes\/#sales\"><span class=\"w-btn-label\">Contactez notre \u00e9quipe commerciale<\/span><\/a><\/div><\/div><\/div><\/div><\/div><\/div><\/div><\/section><section class=\"l-section wpb_row with-shape height_medium color_footer-top\" id=\"actualit\u00e9s\"><div class=\"l-section-h i-cf\"><div class=\"g-cols vc_row via_flex valign_top type_default stacking_default\"><div class=\"vc_col-sm-12 wpb_column vc_column_container\"><div class=\"vc_column-inner\"><div class=\"wpb_wrapper\"><div class=\"wpb_text_column\"><div class=\"wpb_wrapper\"><h2 class=\"center-on-tablet\">Latests<br \/>\nnews<\/h2>\n<\/div><\/div><div class=\"w-separator show-on-small-desktop size_medium\"><\/div><div class=\"w-grid type_carousel layout_17 hidden\" id=\"us_grid_1\"><style>.layout_17 .w-grid-item-h{}.layout_17 .usg_post_title_1{font-weight:700!important}<\/style><div class=\"w-grid-list owl-carousel valign_stretch dotstyle_circle navstyle_circle navpos_outside owl-responsive-2000 with_dots with_arrows\" style=\"--transition-duration:350ms;--arrows-size:1.5rem;\"><\/div>\t<div class=\"g-preloader type_1\">\r\n\t\t<div><\/div>\r\n\t<\/div>\r\n\t\t<div class=\"w-grid-json hidden\" onclick='return {&quot;action&quot;:&quot;us_ajax_grid&quot;,&quot;infinite_scroll&quot;:0,&quot;max_num_pages&quot;:0,&quot;pagination&quot;:&quot;none&quot;,&quot;template_vars&quot;:{&quot;columns&quot;:&quot;&quot;,&quot;exclude_items&quot;:&quot;none&quot;,&quot;img_size&quot;:&quot;default&quot;,&quot;ignore_items_size&quot;:0,&quot;items_layout&quot;:&quot;17&quot;,&quot;items_offset&quot;:&quot;0px&quot;,&quot;load_animation&quot;:&quot;none&quot;,&quot;overriding_link&quot;:&quot;%7B%22url%22%3A%22%22%7D&quot;,&quot;post_id&quot;:0,&quot;query_args&quot;:{&quot;post_type&quot;:[&quot;post&quot;],&quot;tax_query&quot;:[{&quot;taxonomy&quot;:&quot;tax_products&quot;,&quot;field&quot;:&quot;slug&quot;,&quot;terms&quot;:[&quot;magellim-infra-territoires-impact-eltif&quot;]}],&quot;post_status&quot;:[&quot;publish&quot;,&quot;expired&quot;,&quot;acf-disabled&quot;],&quot;posts_per_page&quot;:&quot;4&quot;},&quot;orderby_query_args&quot;:{&quot;orderby&quot;:{&quot;date&quot;:&quot;DESC&quot;}},&quot;type&quot;:&quot;carousel&quot;,&quot;us_grid_post_type&quot;:&quot;post&quot;,&quot;us_grid_ajax_index&quot;:1,&quot;us_grid_filter_query_string&quot;:null,&quot;us_grid_index&quot;:1,&quot;page_args&quot;:[],&quot;lang&quot;:&quot;en&quot;},&quot;carousel_settings&quot;:{&quot;aria_labels&quot;:{&quot;prev&quot;:&quot;Previous&quot;,&quot;next&quot;:&quot;Next&quot;},&quot;autoplayContinual&quot;:false,&quot;autoplayHoverPause&quot;:false,&quot;autoplayTimeout&quot;:3000,&quot;autoWidth&quot;:false,&quot;smartSpeed&quot;:350,&quot;margin&quot;:0,&quot;mouseDrag&quot;:true,&quot;rtl&quot;:false,&quot;slideBy&quot;:&quot;1&quot;,&quot;touchDrag&quot;:true,&quot;slideTransition&quot;:&quot;&quot;,&quot;responsive&quot;:{&quot;0&quot;:{&quot;autoHeight&quot;:true,&quot;autoplay&quot;:false,&quot;autoWidth&quot;:false,&quot;center&quot;:false,&quot;dots&quot;:true,&quot;items&quot;:1,&quot;loop&quot;:false,&quot;nav&quot;:false,&quot;stagePadding&quot;:0,&quot;slideBy&quot;:&quot;1&quot;},&quot;767&quot;:{&quot;items&quot;:1,&quot;autoplay&quot;:false,&quot;center&quot;:false,&quot;dots&quot;:true,&quot;nav&quot;:true,&quot;autoHeight&quot;:false,&quot;autoWidth&quot;:false,&quot;loop&quot;:false,&quot;stagePadding&quot;:0}}}}'><\/div>\r\n\t<\/div><div class=\"w-grid-none type_message\">No results found.<\/div><div class=\"w-separator size_small\"><\/div><div class=\"w-btn-wrapper align_center\"><a class=\"w-btn us-btn-style_1\" href=\"https:\/\/www.groupemagellim.com\/actualites-et-presse\/\"><span class=\"w-btn-label\">All news items<\/span><\/a><\/div><\/div><\/div><\/div><div class=\"vc_col-sm-12 wpb_column vc_column_container\"><div class=\"vc_column-inner\"><div class=\"wpb_wrapper\"><\/div><\/div><\/div><\/div><\/div><\/section>\n","protected":false},"excerpt":{"rendered":"MAGELLIM INFRA TERRITOIRES IMPACT ELTIFConciliez cr\u00e9ation de valeur pour l\u2019environnement et les territoires et objectif de performance ! Participez au financement de projets tangibles qui dynamisent le d\u00e9veloppement et la transition des territoires, d\u00e8s 1 000\u20ac. SouscrireClick MePresentationExpertiseCaract\u00e9ristiquesDocumentationFraisRisquesSouscrireActualit\u00e9sUne strat\u00e9gie d\u2019utilit\u00e9 sociale et territoriale 11%\u00b9 d\u2019objectif de TRI net (non garanti) Accessibilit\u00e9 : compte-titres, PEA, PEA\/PME...","protected":false},"featured_media":4097,"template":"","meta":{"_acf_changed":false,"inline_featured_image":false},"tax_entity":[71],"tax_products":[105],"tax_solution":[],"class_list":["post-4096","products","type-products","status-publish","has-post-thumbnail","hentry","tax_entity-groupe-magellim","tax_products-magellim-infra-territoires-impact-eltif"],"acf":[],"yoast_head":"<!-- This site is optimized with the Yoast SEO plugin v27.5 - https:\/\/yoast.com\/product\/yoast-seo-wordpress\/ -->\n<title>MAGELLIM INFRA TERRITOIRES IMPACT ELTIF - Groupe Magellim<\/title>\n<meta name=\"robots\" content=\"index, follow, max-snippet:-1, max-image-preview:large, max-video-preview:-1\" \/>\n<link rel=\"canonical\" href=\"https:\/\/www.groupemagellim.com\/en\/groupe-magellim\/magellim-infra-territoires-impact-eltif\/\" \/>\n<meta property=\"og:locale\" content=\"en_US\" \/>\n<meta property=\"og:type\" content=\"article\" \/>\n<meta property=\"og:title\" content=\"MAGELLIM INFRA TERRITOIRES IMPACT ELTIF - Groupe Magellim\" \/>\n<meta property=\"og:url\" content=\"https:\/\/www.groupemagellim.com\/en\/groupe-magellim\/magellim-infra-territoires-impact-eltif\/\" \/>\n<meta property=\"og:site_name\" content=\"Groupe Magellim\" \/>\n<meta property=\"article:modified_time\" content=\"2026-04-23T15:28:23+00:00\" \/>\n<meta property=\"og:image\" content=\"https:\/\/www.groupemagellim.com\/wp-content\/uploads\/Visuels-mails-12.png\" \/>\n\t<meta property=\"og:image:width\" content=\"803\" \/>\n\t<meta property=\"og:image:height\" content=\"645\" \/>\n\t<meta property=\"og:image:type\" content=\"image\/png\" \/>\n<meta name=\"twitter:card\" content=\"summary_large_image\" \/>\n<meta name=\"twitter:label1\" content=\"Est. reading time\" \/>\n\t<meta name=\"twitter:data1\" content=\"10 minutes\" \/>\n<script type=\"application\/ld+json\" class=\"yoast-schema-graph\">{\"@context\":\"https:\\\/\\\/schema.org\",\"@graph\":[{\"@type\":\"WebPage\",\"@id\":\"https:\\\/\\\/www.groupemagellim.com\\\/en\\\/groupe-magellim\\\/magellim-infra-territoires-impact-eltif\\\/\",\"url\":\"https:\\\/\\\/www.groupemagellim.com\\\/en\\\/groupe-magellim\\\/magellim-infra-territoires-impact-eltif\\\/\",\"name\":\"MAGELLIM INFRA TERRITOIRES IMPACT ELTIF - Groupe Magellim\",\"isPartOf\":{\"@id\":\"https:\\\/\\\/www.groupemagellim.com\\\/en\\\/#website\"},\"primaryImageOfPage\":{\"@id\":\"https:\\\/\\\/www.groupemagellim.com\\\/en\\\/groupe-magellim\\\/magellim-infra-territoires-impact-eltif\\\/#primaryimage\"},\"image\":{\"@id\":\"https:\\\/\\\/www.groupemagellim.com\\\/en\\\/groupe-magellim\\\/magellim-infra-territoires-impact-eltif\\\/#primaryimage\"},\"thumbnailUrl\":\"https:\\\/\\\/www.groupemagellim.com\\\/wp-content\\\/uploads\\\/Visuels-mails-12.png\",\"datePublished\":\"2025-12-16T15:18:29+00:00\",\"dateModified\":\"2026-04-23T15:28:23+00:00\",\"breadcrumb\":{\"@id\":\"https:\\\/\\\/www.groupemagellim.com\\\/en\\\/groupe-magellim\\\/magellim-infra-territoires-impact-eltif\\\/#breadcrumb\"},\"inLanguage\":\"en-US\",\"potentialAction\":[{\"@type\":\"ReadAction\",\"target\":[\"https:\\\/\\\/www.groupemagellim.com\\\/en\\\/groupe-magellim\\\/magellim-infra-territoires-impact-eltif\\\/\"]}]},{\"@type\":\"ImageObject\",\"inLanguage\":\"en-US\",\"@id\":\"https:\\\/\\\/www.groupemagellim.com\\\/en\\\/groupe-magellim\\\/magellim-infra-territoires-impact-eltif\\\/#primaryimage\",\"url\":\"https:\\\/\\\/www.groupemagellim.com\\\/wp-content\\\/uploads\\\/Visuels-mails-12.png\",\"contentUrl\":\"https:\\\/\\\/www.groupemagellim.com\\\/wp-content\\\/uploads\\\/Visuels-mails-12.png\",\"width\":803,\"height\":645},{\"@type\":\"BreadcrumbList\",\"@id\":\"https:\\\/\\\/www.groupemagellim.com\\\/en\\\/groupe-magellim\\\/magellim-infra-territoires-impact-eltif\\\/#breadcrumb\",\"itemListElement\":[{\"@type\":\"ListItem\",\"position\":1,\"name\":\"Accueil\",\"item\":\"https:\\\/\\\/www.groupemagellim.com\\\/en\\\/\"},{\"@type\":\"ListItem\",\"position\":2,\"name\":\"MAGELLIM INFRA TERRITOIRES IMPACT ELTIF\"}]},{\"@type\":\"WebSite\",\"@id\":\"https:\\\/\\\/www.groupemagellim.com\\\/en\\\/#website\",\"url\":\"https:\\\/\\\/www.groupemagellim.com\\\/en\\\/\",\"name\":\"Groupe Magellim\",\"description\":\"Explorateur de nouvelles voies d\u2019investissement\",\"publisher\":{\"@id\":\"https:\\\/\\\/www.groupemagellim.com\\\/en\\\/#organization\"},\"potentialAction\":[{\"@type\":\"SearchAction\",\"target\":{\"@type\":\"EntryPoint\",\"urlTemplate\":\"https:\\\/\\\/www.groupemagellim.com\\\/en\\\/?s={search_term_string}\"},\"query-input\":{\"@type\":\"PropertyValueSpecification\",\"valueRequired\":true,\"valueName\":\"search_term_string\"}}],\"inLanguage\":\"en-US\"},{\"@type\":\"Organization\",\"@id\":\"https:\\\/\\\/www.groupemagellim.com\\\/en\\\/#organization\",\"name\":\"Groupe Magellim\",\"url\":\"https:\\\/\\\/www.groupemagellim.com\\\/en\\\/\",\"logo\":{\"@type\":\"ImageObject\",\"inLanguage\":\"en-US\",\"@id\":\"https:\\\/\\\/www.groupemagellim.com\\\/en\\\/#\\\/schema\\\/logo\\\/image\\\/\",\"url\":\"https:\\\/\\\/www.groupemagellim.com\\\/wp-content\\\/uploads\\\/logo-groupe-magellim.svg\",\"contentUrl\":\"https:\\\/\\\/www.groupemagellim.com\\\/wp-content\\\/uploads\\\/logo-groupe-magellim.svg\",\"width\":300,\"height\":81,\"caption\":\"Groupe Magellim\"},\"image\":{\"@id\":\"https:\\\/\\\/www.groupemagellim.com\\\/en\\\/#\\\/schema\\\/logo\\\/image\\\/\"},\"sameAs\":[\"https:\\\/\\\/www.linkedin.com\\\/company\\\/groupe-magellim\\\/\"]}]}<\/script>\n<!-- \/ Yoast SEO plugin. -->","yoast_head_json":{"title":"MAGELLIM INFRA TERRITOIRES IMPACT ELTIF - Groupe Magellim","robots":{"index":"index","follow":"follow","max-snippet":"max-snippet:-1","max-image-preview":"max-image-preview:large","max-video-preview":"max-video-preview:-1"},"canonical":"https:\/\/www.groupemagellim.com\/en\/groupe-magellim\/magellim-infra-territoires-impact-eltif\/","og_locale":"en_US","og_type":"article","og_title":"MAGELLIM INFRA TERRITOIRES IMPACT ELTIF - Groupe Magellim","og_url":"https:\/\/www.groupemagellim.com\/en\/groupe-magellim\/magellim-infra-territoires-impact-eltif\/","og_site_name":"Groupe Magellim","article_modified_time":"2026-04-23T15:28:23+00:00","og_image":[{"width":803,"height":645,"url":"https:\/\/www.groupemagellim.com\/wp-content\/uploads\/Visuels-mails-12.png","type":"image\/png"}],"twitter_card":"summary_large_image","twitter_misc":{"Est. reading time":"10 minutes"},"schema":{"@context":"https:\/\/schema.org","@graph":[{"@type":"WebPage","@id":"https:\/\/www.groupemagellim.com\/en\/groupe-magellim\/magellim-infra-territoires-impact-eltif\/","url":"https:\/\/www.groupemagellim.com\/en\/groupe-magellim\/magellim-infra-territoires-impact-eltif\/","name":"MAGELLIM INFRA TERRITOIRES IMPACT ELTIF - Groupe Magellim","isPartOf":{"@id":"https:\/\/www.groupemagellim.com\/en\/#website"},"primaryImageOfPage":{"@id":"https:\/\/www.groupemagellim.com\/en\/groupe-magellim\/magellim-infra-territoires-impact-eltif\/#primaryimage"},"image":{"@id":"https:\/\/www.groupemagellim.com\/en\/groupe-magellim\/magellim-infra-territoires-impact-eltif\/#primaryimage"},"thumbnailUrl":"https:\/\/www.groupemagellim.com\/wp-content\/uploads\/Visuels-mails-12.png","datePublished":"2025-12-16T15:18:29+00:00","dateModified":"2026-04-23T15:28:23+00:00","breadcrumb":{"@id":"https:\/\/www.groupemagellim.com\/en\/groupe-magellim\/magellim-infra-territoires-impact-eltif\/#breadcrumb"},"inLanguage":"en-US","potentialAction":[{"@type":"ReadAction","target":["https:\/\/www.groupemagellim.com\/en\/groupe-magellim\/magellim-infra-territoires-impact-eltif\/"]}]},{"@type":"ImageObject","inLanguage":"en-US","@id":"https:\/\/www.groupemagellim.com\/en\/groupe-magellim\/magellim-infra-territoires-impact-eltif\/#primaryimage","url":"https:\/\/www.groupemagellim.com\/wp-content\/uploads\/Visuels-mails-12.png","contentUrl":"https:\/\/www.groupemagellim.com\/wp-content\/uploads\/Visuels-mails-12.png","width":803,"height":645},{"@type":"BreadcrumbList","@id":"https:\/\/www.groupemagellim.com\/en\/groupe-magellim\/magellim-infra-territoires-impact-eltif\/#breadcrumb","itemListElement":[{"@type":"ListItem","position":1,"name":"Accueil","item":"https:\/\/www.groupemagellim.com\/en\/"},{"@type":"ListItem","position":2,"name":"MAGELLIM INFRA TERRITOIRES IMPACT ELTIF"}]},{"@type":"WebSite","@id":"https:\/\/www.groupemagellim.com\/en\/#website","url":"https:\/\/www.groupemagellim.com\/en\/","name":"Groupe Magellim","description":"Explorateur de nouvelles voies d\u2019investissement","publisher":{"@id":"https:\/\/www.groupemagellim.com\/en\/#organization"},"potentialAction":[{"@type":"SearchAction","target":{"@type":"EntryPoint","urlTemplate":"https:\/\/www.groupemagellim.com\/en\/?s={search_term_string}"},"query-input":{"@type":"PropertyValueSpecification","valueRequired":true,"valueName":"search_term_string"}}],"inLanguage":"en-US"},{"@type":"Organization","@id":"https:\/\/www.groupemagellim.com\/en\/#organization","name":"Groupe Magellim","url":"https:\/\/www.groupemagellim.com\/en\/","logo":{"@type":"ImageObject","inLanguage":"en-US","@id":"https:\/\/www.groupemagellim.com\/en\/#\/schema\/logo\/image\/","url":"https:\/\/www.groupemagellim.com\/wp-content\/uploads\/logo-groupe-magellim.svg","contentUrl":"https:\/\/www.groupemagellim.com\/wp-content\/uploads\/logo-groupe-magellim.svg","width":300,"height":81,"caption":"Groupe Magellim"},"image":{"@id":"https:\/\/www.groupemagellim.com\/en\/#\/schema\/logo\/image\/"},"sameAs":["https:\/\/www.linkedin.com\/company\/groupe-magellim\/"]}]}},"_links":{"self":[{"href":"https:\/\/www.groupemagellim.com\/en\/wp-json\/wp\/v2\/products\/4096","targetHints":{"allow":["GET"]}}],"collection":[{"href":"https:\/\/www.groupemagellim.com\/en\/wp-json\/wp\/v2\/products"}],"about":[{"href":"https:\/\/www.groupemagellim.com\/en\/wp-json\/wp\/v2\/types\/products"}],"wp:featuredmedia":[{"embeddable":true,"href":"https:\/\/www.groupemagellim.com\/en\/wp-json\/wp\/v2\/media\/4097"}],"wp:attachment":[{"href":"https:\/\/www.groupemagellim.com\/en\/wp-json\/wp\/v2\/media?parent=4096"}],"wp:term":[{"taxonomy":"tax_entity","embeddable":true,"href":"https:\/\/www.groupemagellim.com\/en\/wp-json\/wp\/v2\/tax_entity?post=4096"},{"taxonomy":"tax_products","embeddable":true,"href":"https:\/\/www.groupemagellim.com\/en\/wp-json\/wp\/v2\/tax_products?post=4096"},{"taxonomy":"tax_solution","embeddable":true,"href":"https:\/\/www.groupemagellim.com\/en\/wp-json\/wp\/v2\/tax_solution?post=4096"}],"curies":[{"name":"wp","href":"https:\/\/api.w.org\/{rel}","templated":true}]}}